{"id":86858,"date":"2020-03-19T12:18:54","date_gmt":"2020-03-19T11:18:54","guid":{"rendered":"https:\/\/dze-csv.it\/?page_id=86858"},"modified":"2020-03-27T17:42:31","modified_gmt":"2020-03-27T16:42:31","slug":"coronavirus-news","status":"publish","type":"page","link":"https:\/\/dze-csv.it\/it\/coronavirus-news\/","title":{"rendered":"Coronavirus News"},"content":{"rendered":"<div class=\"wpb-content-wrapper\"><p>[vc_row row_height_percent=&#8221;0&#8243; overlay_alpha=&#8221;50&#8243; gutter_size=&#8221;3&#8243; column_width_percent=&#8221;100&#8243; shift_y=&#8221;0&#8243; z_index=&#8221;0&#8243;][vc_column width=&#8221;1\/1&#8243;][vc_empty_space empty_h=&#8221;2&#8243;][vc_custom_heading]<\/p>\n<h1><span style=\"color: #e29017;\">Coronavirus News: ultime notizie<\/span><\/h1>\n<p>[\/vc_custom_heading][\/vc_column][\/vc_row][vc_row row_height_percent=&#8221;0&#8243; override_padding=&#8221;yes&#8221; h_padding=&#8221;2&#8243; top_padding=&#8221;2&#8243; bottom_padding=&#8221;2&#8243; overlay_alpha=&#8221;50&#8243; gutter_size=&#8221;3&#8243; column_width_percent=&#8221;100&#8243; shift_y=&#8221;0&#8243; z_index=&#8221;0&#8243;][vc_column width=&#8221;1\/1&#8243;][vc_accordion active_tab=&#8221;1&#8243;][vc_accordion_tab title=&#8221;Ultime notizie e Ordinanze Presidenziali contingibili ed urgenti raccolte e pubblicate sul sito della protezione civile (in continuo aggiornamento)&#8221; tab_id=&#8221;1570273114323-7-0&#8243;][vc_button button_color=&#8221;color-134241&#8243; wide=&#8221;yes&#8221; outline=&#8221;yes&#8221; border_width=&#8221;0&#8243; link=&#8221;url:http%3A%2F%2Fwww.provincia.bz.it%2Fsicurezza-protezione-civile%2Fprotezione-civile%2Fcoronavirus.asp||target:%20_blank|&#8221;]www.provincia.bz.it\/sicurezza-protezione-civile\/protezione-civile\/coronavirus.asp[\/vc_button][\/vc_accordion_tab][vc_accordion_tab title=&#8221;27\/03\/2020 | Circolare di chiarimento per l\u2019applicazione dell\u2019articolo 26 in caso di certificazione di malattia, inerente \u201cDecreto Cura Italia\u201d&#8221; tab_id=&#8221;1585327261938-18-0&#8243;][vc_button button_color=&#8221;color-134241&#8243; wide=&#8221;yes&#8221; outline=&#8221;yes&#8221; border_width=&#8221;0&#8243; link=&#8221;url:https%3A%2F%2Fdze-csv.it%2Fwp-content%2Fuploads%2F2020%2F03%2FApplicazione-art-26-decreto-legge-n-18-17-03-2020.pdf||target:%20_blank|&#8221;]Circolare di chiarimento per l\u2019applicazione dell\u2019articolo 26 in caso di certificazione di malattia, inerente \u201cDecreto Cura Italia\u201d[\/vc_button][\/vc_accordion_tab][vc_accordion_tab title=&#8221;27\/03\/2020 | Attenzione: termini per rendicontazione di contributi per l&#8217;anno 2019&#8243; tab_id=&#8221;1585316713033-17-10&#8243;][vc_column_text]<\/p>\n<p class=\"ox-9636efd63a-MsoNormal\"><b>Disposizioni relative a misure straordinarie<\/b><b>\u00a0<\/b><b>in materia di termini di procedimenti<\/b><b>\u00a0<\/b><b>amministrativi e scadenze per adempimenti<\/b><b>\u00a0<\/b><b>e obblighi informativi in ragione<\/b><b>\u00a0<\/b><b>dell<\/b><b>\u2019<\/b><b>emergenza epidemiologica da<\/b><b>\u00a0<\/b><b>COVID-19<\/b><b><\/b><\/p>\n<p>Si fa riferimento al\u00a0decreto del Direttore Generale\u00a0della Provincia,\u00a0n. 4805\/2020\u00a0che\u00a0prevede la sospensione di molte scadenze amministrative.<\/p>\n<p>Di conseguenza, sono state sospese anche le scadenze per la presentazione dei rendiconti\u00a0di contributi per l\u2019anno 2019,\u00a0previsti per il\u00a0\u00a031.03.2020 \u00a0o per il\u00a0\u00a030.04.2020, nelle varie Ripartizioni Provinciali.<\/p>\n<p>\u00c8 quindi possibile\u00a0eccezionalmente,\u00a0presentare i rendiconti\u00a02019,\u00a0anche dopo i suddetti termini, ma al pi\u00f9 tardi entro il\u00a0<b>31.05.2020.<\/b><\/p>\n<p>Al fine di facilitare la trasmissione della documentazione necessaria, il decreto prevede inoltre che questa possa avvenire tramite una semplice e-mail all&#8217;indirizzo e-mail del rispettivo Ufficio, allegando una copia della carta d&#8217;identit\u00e0.<\/p>\n<p>Si raccomanda comunque,\u00a0nonostante il prolungamento dei termini, ad inviare la documentazione\u00a0necessaria\u00a0il prima possibile\u00a0agli uffici provinciali competenti,\u00a0per poter\u00a0garantire\u00a0i lavori preparatori necessari fino al pagamento.[\/vc_column_text][vc_button button_color=&#8221;color-134241&#8243; wide=&#8221;yes&#8221; outline=&#8221;yes&#8221; border_width=&#8221;0&#8243; link=&#8221;url:https%3A%2F%2Fdze-csv.it%2Fwp-content%2Fuploads%2F2020%2F03%2F2020-4805-Fristen-Verwaltungsverfahren-COVID-19.pdf||target:%20_blank|&#8221;]Decreto del Direttore Generale della Provincia n. 4805\/2020[\/vc_button][\/vc_accordion_tab][vc_accordion_tab title=&#8221;26\/03\/2020 | Ordinanza Presidenziale contingibile ed urgente n. 14\/2020 del 26.03.2020&#8243; tab_id=&#8221;1585235642306-16-3&#8243;][vc_button button_color=&#8221;color-134241&#8243; wide=&#8221;yes&#8221; outline=&#8221;yes&#8221; border_width=&#8221;0&#8243; link=&#8221;url:https%3A%2F%2Fdze-csv.it%2Fwp-content%2Fuploads%2F2020%2F03%2F527679_Dringlichkeitsmassnahme_Ordinanza_Nr14_26.03.2020.pdf||target:%20_blank|&#8221;]Ordinanza Presidenziale contingibile ed urgente n. 14\/2020 del 26.03.2020[\/vc_button][\/vc_accordion_tab][vc_accordion_tab title=&#8221;26\/03\/2020 | Proroga del termine per gli adeguamenti statuti e l&#8217;approvazione dei bilanci 2019&#8243; tab_id=&#8221;1585222255507-15-0&#8243;][vc_column_text]<strong>Conferma per la proroga del termine per gli adeguamenti statuti e l&#8217;approvazione dei bilanci 2019<\/strong><\/p>\n<p>Si fa riferimento al decreto legge del 17 marzo 2020, n. 18, che prevede all\u2019articolo 35 la proroga del <strong>termine per l&#8217;adeguamento degli statuti<\/strong> delle organizzazioni di volontariato e delle associazioni di promozione sociale che intendono permanere nel Terzo Settore, al <strong>31 ottobre 2020<\/strong>.<\/p>\n<p>Effettivamente si conferma in questo contesto definitivamente l\u2019articolo 35 del decreto legge del 17 marzo 2020, n. 18, che prevede inoltre che le organizzazioni di volontariato, le associazioni di promozione sociale e le Onlus iscritte nei rispettivi registri che dovrebbero approvare i <strong>bilanci <\/strong>nel periodo emergenziale determinato dal Coronavirus, potranno approvarli <strong>entro il 31 ottobre 2020<\/strong>, anche in deroga a quanto previsto dai propri statuti o anche da disposizione legislative vigenti.[\/vc_column_text][vc_button button_color=&#8221;color-134241&#8243; wide=&#8221;yes&#8221; outline=&#8221;yes&#8221; border_width=&#8221;0&#8243; link=&#8221;url:https%3A%2F%2Fdze-csv.it%2Fwp-content%2Fuploads%2F2020%2F03%2FGazzetta-ufficiale.pdf||target:%20_blank|&#8221;]Gazzetta ufficiale[\/vc_button][\/vc_accordion_tab][vc_accordion_tab title=&#8221;26\/03\/2020 | Decreto Legge 25 marzo 2020, n. 19 per fronteggiare il Coronavirus&#8221; tab_id=&#8221;1585214406762-14-5&#8243;][vc_button button_color=&#8221;color-134241&#8243; wide=&#8221;yes&#8221; outline=&#8221;yes&#8221; border_width=&#8221;0&#8243; link=&#8221;url:https%3A%2F%2Fdze-csv.it%2Fwp-content%2Fuploads%2F2020%2F03%2FDECRETO-LEGGE-25-marzo-2020-n-19.pdf||target:%20_blank|&#8221;]Decreto Legge 25 marzo 2020, n. 19[\/vc_button][\/vc_accordion_tab][vc_accordion_tab title=&#8221;25\/03\/2020 | Circolare esplicativa del ministero del lavoro sul congedo per lavoratori disabili e per chi assiste familiari disabili (decreto legge 17 marzo 2020, n. 18)&#8221; tab_id=&#8221;1585141055734-13-1&#8243;][vc_column_text]Purtroppo nella stesura del Decreto Cura Italia, all&#8217;art 24 sono citati i 12 giorni aggiuntivi solo per il comma 3 dell&#8217;art 33 della legge 104\/92, per assistenza familiari,\u00a0 e non per il comma 6, per i soggetti disabili, per\u00f2 gli oneri sono stati stanziati sia per il comma 3 che per il comma 6. La nota del ministero quindi \u00e8 molto utile e autorizza \u201eINPS\u201c affinch\u00e8 nella circolare si possano aggiungere anche i soggetti disabili.[\/vc_column_text][vc_button button_color=&#8221;color-134241&#8243; wide=&#8221;yes&#8221; outline=&#8221;yes&#8221; border_width=&#8221;0&#8243; link=&#8221;url:https%3A%2F%2Fdze-csv.it%2Fwp-content%2Fuploads%2F2020%2F03%2FCircolare-esplicativa-min-lavoro.pdf||target:%20_blank|&#8221;]Decreto legge del 17 marzo 2020 n. 18. Circolare esplicativa del Ministero del Lavoro e delle Politiche Sociali[\/vc_button][\/vc_accordion_tab][vc_accordion_tab title=&#8221;23\/03\/2020 | Ordinanza Presidenziale contingibile ed urgente n. 12\/2020 del 21.03.2020&#8243; tab_id=&#8221;1584987996501-12-7&#8243;][vc_button button_color=&#8221;color-134241&#8243; wide=&#8221;yes&#8221; outline=&#8221;yes&#8221; border_width=&#8221;0&#8243; link=&#8221;url:https%3A%2F%2Fdze-csv.it%2Fwp-content%2Fuploads%2F2020%2F03%2F527472_Dringlichkeitsmassnahme_Ordinanza_Nr12_23.03.2020.pdf||target:%20_blank|&#8221;]23\/03\/2020 | Ordinanza Presidenziale contingibile ed urgente n. 12\/2020 del 23\/03\/2020[\/vc_button][\/vc_accordion_tab][vc_accordion_tab title=&#8221;23\/03\/2020 | Decreto del Direttore Generale della Provincia n. 4805\/2020 &#8211; Sospensione dei termini &#8230;&#8221; tab_id=&#8221;1584984301899-11-10&#8243;][vc_button button_color=&#8221;color-134241&#8243; wide=&#8221;yes&#8221; outline=&#8221;yes&#8221; border_width=&#8221;0&#8243; link=&#8221;url:https%3A%2F%2Fdze-csv.it%2Fwp-content%2Fuploads%2F2020%2F03%2F2020-4805-Fristen-Verwaltungsverfahren-COVID-19.pdf||target:%20_blank|&#8221;]Decreto del Direttore Generale della Provincia n. 4805\/2020 &#8211; Sospensione dei termini e semplificazione nella presentazione di documentazione amministrativa[\/vc_button][\/vc_accordion_tab][vc_accordion_tab title=&#8221;21\/03\/2020 | Ordinanza Presidenziale contingibile ed urgente n. 11\/2020 del 21.03.2020&#8243; tab_id=&#8221;1584863964640-8-10&#8243;][vc_button button_color=&#8221;color-134241&#8243; wide=&#8221;yes&#8221; outline=&#8221;yes&#8221; border_width=&#8221;0&#8243; link=&#8221;url:https%3A%2F%2Fdze-csv.it%2Fwp-content%2Fuploads%2F2020%2F03%2F527372_Dringlichkeitsmassnahme_Ordinanza_Nr11_21.03.2020.pdf||target:%20_blank|&#8221;]Ordinanza Presidenziale contingibile ed urgente n. 11\/2020 del 21.03.2020[\/vc_button][\/vc_accordion_tab][vc_accordion_tab title=&#8221;20\/03\/2020 | Importante nuova disposizione per congedi parentali e permessi legge 104&#8243; tab_id=&#8221;1584867389430-10-1&#8243;][vc_button button_color=&#8221;color-134241&#8243; wide=&#8221;yes&#8221; outline=&#8221;yes&#8221; border_width=&#8221;0&#8243; link=&#8221;url:https%3A%2F%2Fdze-csv.it%2Fwp-content%2Fuploads%2F2020%2F03%2FMessaggio-numero-1281-del-20-03-2020_Allegato-n-1.pdf||target:%20_blank|&#8221;]Messaggio INPS n. 1281 del 20 marzo 2020[\/vc_button][\/vc_accordion_tab][vc_accordion_tab title=&#8221;20\/03\/2020 | Ordinanza del Ministero della Salute del 20.03.2020&#8243; tab_id=&#8221;1584865188863-9-10&#8243;][vc_button wide=&#8221;yes&#8221; outline=&#8221;yes&#8221; border_width=&#8221;0&#8243; link=&#8221;url:https%3A%2F%2Fdze-csv.it%2Fwp-content%2Fuploads%2F2020%2F03%2FOrdinanza-Ministero-Salute_20-03-2020.pdf||target:%20_blank|&#8221;]Ordinanza del Ministero della Salute del 20.03.2020[\/vc_button][\/vc_accordion_tab][vc_accordion_tab title=&#8221;18\/03\/2020 | Proroga dei termini delle assemblee dei soci e per l&#8217;adeguamento degli statuti &#8211; comunicazione dell&#8217;Ufficio Affari di gabinetto&#8221; tab_id=&#8221;1570006000-1-66&#8243;][vc_row_inner row_inner_height_percent=&#8221;0&#8243; overlay_alpha=&#8221;50&#8243; gutter_size=&#8221;3&#8243; shift_y=&#8221;0&#8243; z_index=&#8221;0&#8243; css=&#8221;.vc_custom_1570013926207{padding-left: 5% !important;}&#8221; limit_content=&#8221;&#8221;][vc_column_inner width=&#8221;1\/1&#8243;][vc_column_text]<em>Comunicazione dell&#8217;Ufficio Affari di gabinetto<\/em><\/p>\n<p>Gentili signore e signori,<\/p>\n<p>il Presidente della Repubblica ha firmato il decreto-legge del 17 marzo 2020, n. 18, che prevede all\u2019articolo 35 la proroga del <strong>termine per l\u2019adeguamento degli statuti<\/strong> delle organizzazioni di volontariato e delle associazioni di promozione sociale che intendono permanere nel Terzo Settore, al <strong>31 ottobre 2020<\/strong>.<\/p>\n<p>L\u2019articolo 35 del decreto-legge del 17 marzo 2020, n. 18 prevede inoltre che le organizzazioni di volontariato, le associazioni di promozione sociale e le Onlus iscritte nei rispettivi registri che dovrebbero approvare i <strong>bilanci <\/strong>nel periodo emergenziale determinato da Covid-19, potranno approvarli <strong>entro il 31 ottobre 2020<\/strong>, anche in deroga a quanto previsto dai propri statuti o anche da disposizione legislative vigenti.<\/p>\n<p>Vogliamo cogliere l\u2019occasione per informarVi che in questo momento a causa dell\u2019emergenza epidemiologica determinata da Covid-19 la maggior parte dei collaboratori dell\u2019Ufficio Affari di gabinetto si trovano in telelavoro fino al termine dell\u2019emergenza e delle restrizioni che vi si ricollegano.<\/p>\n<p>Poterete comunque contattare i collaboratori competenti in materia di organizzazioni di volontariato, di associazioni di promozione sociale e di persone giuridiche telefonicamente o via e-mail durante gli orari di apertura degli uffici della Provincia (luned\u00ec, marted\u00ec, mercoled\u00ec e venerd\u00ec mattina dalle ore 9.00 alle 12.00, gioved\u00ec dalle ore 8.30 alle 13.00 e dalle ore 14.00 alle 17.30).<\/p>\n<p>I contatti dei collaboratori sono i seguenti:<\/p>\n<p>Per questioni che riguardano le organizzazioni di volontariato e le associazioni di promozione sociale:<\/p>\n<ul>\n<li><em>Christoph Pichler (tel. 0471-412137, <a href=\"mailto:christoph.pichler@provincia.bz.it\">pichler@provincia.bz.it<\/a>) <\/em><\/li>\n<li><em>G\u00fcnther Maneschg (tel. 0471-412134, <a href=\"mailto:guenther.maneschg@provincia.bz.it\">maneschg@provincia.bz.it<\/a>)<\/em><\/li>\n<\/ul>\n<p>Per questioni che riguardano le persone giuridiche<\/p>\n<ul>\n<li><em>Roman Fuchs (Tel. 0471-412034, <a href=\"mailto:roman.fuchs@provinz.bz.it\">fuchs@provinz.bz.it<\/a>).<\/em><\/li>\n<\/ul>\n<p>Non sar\u00e0 invece possibile fissare appuntamenti direttamente nell\u2019ufficio durante il periodo in cui rimarranno in vigore le restrizioni determinate dall\u2019emergenza epidemiologica.<\/p>\n<p>Vi inviamo cordiali saluti.<\/p>\n<p>Ufficio Affari di gabinetto[\/vc_column_text][vc_button button_color=&#8221;color-134241&#8243; wide=&#8221;yes&#8221; outline=&#8221;yes&#8221; border_width=&#8221;0&#8243; link=&#8221;url:https%3A%2F%2Fdze-csv.it%2Fwp-content%2Fuploads%2F2020%2F03%2FGazzetta-ufficiale.pdf||target:%20_blank|&#8221;]Gazzetta ufficiale[\/vc_button][\/vc_column_inner][\/vc_row_inner][\/vc_accordion_tab][vc_accordion_tab title=&#8221;18\/03\/2020 | Proroga al 31.10.2020 per l&#8217;adeguamento degli statuti &#8211; estratto decreto legge 17 marzo 2020, n. 18&#8243; tab_id=&#8221;1570006000-2-60&#8243;][vc_row_inner row_inner_height_percent=&#8221;0&#8243; overlay_alpha=&#8221;50&#8243; gutter_size=&#8221;3&#8243; shift_y=&#8221;0&#8243; z_index=&#8221;0&#8243; css=&#8221;.vc_custom_1570013939701{padding-left: 5% !important;}&#8221; limit_content=&#8221;&#8221;][vc_column_inner width=&#8221;1\/1&#8243;][vc_column_text]<\/p>\n<p style=\"text-align: center;\"><strong>Art. 35<\/strong><br \/>\n<strong>(Disposizioni in materia di terzo settore)<\/strong><\/p>\n<p>1. All\u2019articolo 101, comma 2 del codice del Terzo settore, di cui al decreto legislativo 3 luglio 2017, n.117, le parole \u201centro ventiquattro mesi dalla data della sua entrata in vigore\u201d sono sostituite dalle seguenti \u201centro il 31 ottobre 2020\u201d.<br \/>\n2. All\u2019articolo 17, comma 3, del decreto legislativo 3 luglio 2017, n.112, le parole \u201centro diciotto mesi dalla data della sua entrata in vigore\u201d sono sostituite dalle seguenti \u201centro il 31 ottobre 2020\u201d.<br \/>\n3. Per l\u2019anno 2020, le organizzazioni non lucrative di utilit\u00e0 sociale di cui all&#8217;articolo 10, del decreto legislativo 4 dicembre 1997, n. 460 iscritte negli appositi registri, le organizzazioni di volontariato iscritte nei registri regionali e delle province autonome di cui alla legge 11 agosto 1991, n. 266, e le associazioni di promozione sociale iscritte nei registri nazionale, regionali e delle province autonome di Trento e Bolzano di cui all&#8217;articolo 7 della legge 7 dicembre 2000, n. 383, per le quali la scadenza del termine di approvazione dei bilanci ricade all\u2019interno del periodo emergenziale, come stabilito dalla delibera del Consiglio dei ministri del 31 gennaio 2020, possono approvare i propri bilanci entro la medesima data di cui ai commi 1 e 2, anche in deroga alle previsioni di legge, regolamento o statuto.[\/vc_column_text][vc_button button_color=&#8221;color-134241&#8243; wide=&#8221;yes&#8221; outline=&#8221;yes&#8221; border_width=&#8221;0&#8243; link=&#8221;url:https%3A%2F%2Fdze-csv.it%2Fwp-content%2Fuploads%2F2020%2F03%2FGazzetta-ufficiale_17-3-2020_art-35.pdf||target:%20_blank|&#8221;]Gazzetta Ufficiale &#8211; Art. 35 (Disposizioni in materia di terzo settore)[\/vc_button][\/vc_column_inner][\/vc_row_inner][\/vc_accordion_tab][vc_accordion_tab title=&#8221;18\/03\/2020 | Consegna di farmaci a domicilio &#8211; Comune di Bolzano, Ripartizione Servizi alla Comunit\u00e0 Locale&#8221; tab_id=&#8221;1570271975933-2-6&#8243;][vc_column_text]<em>Comunicazione del Comune di Bolzano, Ripartizione Servizi alla Comunit\u00e0 Locale<\/em><\/p>\n<p>Gentili tutti,<\/p>\n<p>informiamo che il servizio di <strong>consegna di farmaci a domicilio, <\/strong>servizio delle Farmacie Comunicali in collaborazione con Assofarm e Croce Rossa, \u00e8 attivo al <strong>numero telefonico 388 3652727<\/strong> e non allo 0471\/917213.<\/p>\n<p>Prego diffondere l&#8217;informazione<br \/>\nGrazie<\/p>\n<p>Dr. Silvia Recla<br \/>\nRipartizione Servizi alla Comunit\u00e0 Locale | Abteilung f\u00fcr Dienste an die \u00f6rtliche Gemeinschaft<br \/>\nComune di Bolzano | Gemeinde Bozen<br \/>\nVicolo Gumer \/ Gumergasse 7 \u2013 Stanza 206 \/ Zimmer 206<br \/>\n39100 Bolzano &#8211; Bozen<br \/>\nTel: 0471 997467<br \/>\nE-Mail: <a href=\"mailto:silvia.recla@comune.bolzano.it\">silvia.recla@comune.bolzano.it<\/a><br \/>\n<a href=\"mailto:silvia.recla@gemeinde.bozen.it\">silvia.recla@gemeinde.bozen.it<\/a>[\/vc_column_text][\/vc_accordion_tab][vc_accordion_tab title=&#8221;10\/03\/2020 | Rinvio assemblee annuali &#8211; comunicazione dell&#8217;Ufficio Affari di gabinetto&#8221; tab_id=&#8221;1584552442453-7-6&#8243;][vc_column_text]<\/p>\n<div class=\"uncode_text_column\">\n<p><em>Comunicazione dell&#8217;Ufficio Affari di gabinetto\u00a0<\/em><\/p>\n<p>Gentili signore e signori,<\/p>\n<p>ai sensi delle misure di emergenza adottate a causa del coronavirus sono da evitare assembramenti di persone e deve essere mantenuta, nei contatti sociali, una distanza interpersonale di almeno un metro, per evitare una ulteriore diffusione del virus.<\/p>\n<p>A causa della situazione particolare e della citate misure di emergenza sono giustificati i rinvii delle assemblee da parte dei consigli direttivi delle associazioni interessate; ci\u00f2 anche se disposizioni dello statuto dovessero prevedere che l\u2019assemblea debba svolgersi entro un determinate termine.<\/p>\n<p>Le assemblee devono essere in ogni caso rinviate, qualora partecipasse personale sanitario o personale incaricato dello svolgimento di servizi pubblici essenziali o di pubblica utilit\u00e0 (p.es. servizi di soccorso o protezione civile).<\/p>\n<p>Qualora quest\u2018anno a causa di ci\u00f2 non dovesse essere possibile l\u2019invio del rendiconto annuale e della relazione sull\u2019attivit\u00e0 svolta entro i termini previsti, ci\u00f2 sar\u00e0 accettato da parte dell\u2019Ufficio scrivente, vista la situazione straordinaria.<\/p>\n<p>In allegato si invia per opportuna conoscenza il testo dell\u2019Ordinanza Presidenziale n. 6\/2020 nonch\u00e9 il relativo allegato, che ha per oggetto le misure igieniche, che devono essere osservate da parte dei cittadini.<\/p>\n<p>Cordiali saluti<\/p>\n<p>Ufficio Affari di gabinetto<\/p>\n<\/div>\n<p>[\/vc_column_text][vc_button button_color=&#8221;color-134241&#8243; wide=&#8221;yes&#8221; outline=&#8221;yes&#8221; border_width=&#8221;0&#8243; link=&#8221;url:https%3A%2F%2Fdze-csv.it%2Fwp-content%2Fuploads%2F2020%2F03%2FORD.-NR.-6-PROT.-PROV_BZ-09.03.2020-0185310.pdf||target:%20_blank|&#8221;]Ordinanza Presidenziale contingibile ed urgente n. 6\/2020 del 09.03.2020[\/vc_button][vc_button button_color=&#8221;color-134241&#8243; wide=&#8221;yes&#8221; outline=&#8221;yes&#8221; border_width=&#8221;0&#8243; link=&#8221;url:https%3A%2F%2Fdze-csv.it%2Fwp-content%2Fuploads%2F2020%2F03%2FORD.-NR.-6-Allegato-Anlage.pdf||target:%20_blank|&#8221;]Ordinanza Presidenziale contingibile ed urgente n. 6\/2020 &#8211; Allegato: Misure igienico-sanitarie[\/vc_button][\/vc_accordion_tab][vc_accordion_tab title=&#8221;08\/03\/2020 | Decreto del Presidente del Consiglio dei Ministri 8 marzo 2020&#8243; tab_id=&#8221;1570273069782-6-9&#8243;][vc_button button_color=&#8221;color-134241&#8243; wide=&#8221;yes&#8221; outline=&#8221;yes&#8221; border_width=&#8221;0&#8243; link=&#8221;url:https%3A%2F%2Fdze-csv.it%2Fwp-content%2Fuploads%2F2020%2F03%2FDPCM-8-marzo-2020.pdf||target:%20_blank|&#8221;]Decreto del Presidente del Consiglio dei Ministri 8 marzo 2020[\/vc_button][\/vc_accordion_tab][vc_accordion_tab title=&#8221;05\/03\/2020 | Ordinanza Presidenziale contingibile ed urgente n. 5\/2020 del 05.03.2020&#8243; tab_id=&#8221;1570272863566-5-4&#8243;][vc_button button_color=&#8221;color-134241&#8243; wide=&#8221;yes&#8221; outline=&#8221;yes&#8221; border_width=&#8221;0&#8243; link=&#8221;url:https%3A%2F%2Fdze-csv.it%2Fwp-content%2Fuploads%2F2020%2F03%2FDringlichkeitsmassnahme_Ordinanza_Nr5_05.03.2020.pdf||target:%20_blank|&#8221;]Ordinanza Presidenziale contingibile ed urgente n. 5\/2020 del 05.03.2020[\/vc_button][\/vc_accordion_tab][vc_accordion_tab title=&#8221;05\/03\/2020 | Disposizioni per eventi e spettacoli &#8211; Decreto del Presidente del Consiglio dei Ministri 4 marzo 2020&#8243; tab_id=&#8221;1570272860512-4-6&#8243;][vc_column_text]Stimati soci,<br \/>\ngentili Signore, egregi Signori!<\/p>\n<p>Facciamo seguito alle numerose chiamate e richieste di informazioni da parte vostra pervenuteci in data odierna circa i rischi connessi al Coronavirus e ci permettiamo di inoltrarvi le informazioni disponibili a riguardo. Sar\u00e0 nostra cura e premura tenervi aggiornati circa i prossimi sviluppi.<\/p>\n<p>Il Decreto del Presidente del Consiglio dei Ministri del 04.03.2020, inerente le misure urgenti riguardanti il Coronavirus, prevede in sostanza che le manifestazioni, gli eventi e gli spettacoli di qualsiasi natura, possano essere organizzati solamente se si garantisce il rispetto della distanza di sicurezza interpersonale di almeno un metro.\u00a0<u>Questo riguarda a nostro avviso anche tutte le assemblee dei soci delle associazioni e dovr\u00e0 essere pertanto applicato obbligatoriamente.<\/u>\u00a0La misura in questione \u00e8 vincolante fino al 3 aprile 2020.<\/p>\n<p>Inoltre, si informa che si dovr\u00e0 intervenire con la massima precauzione per quanto concerne i seguenti aspetti:\u00a0igiene delle mani nonch\u00e9 pulizia continua delle maniglie delle porte e delle superfici ed altro, soprattutto nei luoghi dove si verifica il contatto con il pubblico o con clienti.<\/p>\n<p>Chiediamo gentilmente di voler trasmettere le informazioni in oggetto a tutti gli interessati, volontari e soci delle vostre strutture organizzative.[\/vc_column_text][vc_button button_color=&#8221;color-134241&#8243; wide=&#8221;yes&#8221; outline=&#8221;yes&#8221; border_width=&#8221;0&#8243; link=&#8221;url:https%3A%2F%2Fdze-csv.it%2Fwp-content%2Fuploads%2F2020%2F03%2FDPCM-4-marzo-2020.pdf||target:%20_blank|&#8221;]Decreto del Presidente del Consiglio dei Ministri 4 marzo 2020[\/vc_button][\/vc_accordion_tab][\/vc_accordion][\/vc_column][\/vc_row][vc_row][vc_column width=&#8221;1\/1&#8243;][vc_empty_space empty_h=&#8221;2&#8243;][\/vc_column][\/vc_row]<\/p>\n<\/div>","protected":false},"excerpt":{"rendered":"<p>[vc_row row_height_percent=&#8221;0&#8243; overlay_alpha=&#8221;50&#8243; gutter_size=&#8221;3&#8243; column_width_percent=&#8221;100&#8243; shift_y=&#8221;0&#8243; z_index=&#8221;0&#8243;][vc_column width=&#8221;1\/1&#8243;][vc_empty_space empty_h=&#8221;2&#8243;][vc_custom_heading] Coronavirus News: ultime notizie [\/vc_custom_heading][\/vc_column][\/vc_row][vc_row row_height_percent=&#8221;0&#8243; override_padding=&#8221;yes&#8221; h_padding=&#8221;2&#8243; top_padding=&#8221;2&#8243; bottom_padding=&#8221;2&#8243; overlay_alpha=&#8221;50&#8243; [&hellip;]<\/p>\n","protected":false},"author":3,"featured_media":0,"parent":0,"menu_order":10,"comment_status":"closed","ping_status":"closed","template":"","meta":{"_acf_changed":false,"footnotes":""},"class_list":["post-86858","page","type-page","status-publish","hentry"],"acf":[],"_links":{"self":[{"href":"https:\/\/dze-csv.it\/it\/wp-json\/wp\/v2\/pages\/86858","targetHints":{"allow":["GET"]}}],"collection":[{"href":"https:\/\/dze-csv.it\/it\/wp-json\/wp\/v2\/pages"}],"about":[{"href":"https:\/\/dze-csv.it\/it\/wp-json\/wp\/v2\/types\/page"}],"author":[{"embeddable":true,"href":"https:\/\/dze-csv.it\/it\/wp-json\/wp\/v2\/users\/3"}],"replies":[{"embeddable":true,"href":"https:\/\/dze-csv.it\/it\/wp-json\/wp\/v2\/comments?post=86858"}],"version-history":[{"count":46,"href":"https:\/\/dze-csv.it\/it\/wp-json\/wp\/v2\/pages\/86858\/revisions"}],"predecessor-version":[{"id":86916,"href":"https:\/\/dze-csv.it\/it\/wp-json\/wp\/v2\/pages\/86858\/revisions\/86916"}],"wp:attachment":[{"href":"https:\/\/dze-csv.it\/it\/wp-json\/wp\/v2\/media?parent=86858"}],"curies":[{"name":"wp","href":"https:\/\/api.w.org\/{rel}","templated":true}]}}