{"id":98607,"date":"2021-05-24T17:28:15","date_gmt":"2021-05-24T15:28:15","guid":{"rendered":"https:\/\/dze-csv.it\/portfolio\/segem\/"},"modified":"2022-01-01T18:21:42","modified_gmt":"2022-01-01T17:21:42","slug":"segem","status":"publish","type":"portfolio","link":"https:\/\/dze-csv.it\/it\/segem\/","title":{"rendered":"SeniorInnen Gemeinschaft Meran &#8211; SEGEM"},"content":{"rendered":"\n\n<div class=\"page\">\n  <header class=\"relative bg-gray-100\">\n    <div class=\"bg-white shadow w-full fixed top-0 z-20\" x-data=\"{ isOpen : false }\">\n      <div class=\"max-w-7xl mx-auto px-4 sm:px-6\">\n        <div class=\"flex justify-between items-center py-6 md:justify-start md:space-x-10\">\n          <div class=\"flex justify-start lg:w-0 lg:flex-1\">\n            <a href=\"#\">\n              <span class=\"sr-only\">Segem<\/span>\n              <img decoding=\"async\" class=\"h-8 w-auto sm:h-16\" src=\"https:\/\/dze-csv.it\/wp-content\/themes\/uncode-child\/template-parts\/blocks\/segem\/img\/SEGEM_logo.png\" alt=\"\">\n            <\/a>\n          <\/div>\n          <div class=\"-mr-2 -my-2 md:hidden\">\n            <button type=\"button\" class=\"bg-white rounded-md p-2 inline-flex items-center justify-center text-gray-400 hover:text-gray-500 hover:bg-gray-100 focus:outline-none focus:ring-2 focus:ring-inset focus:ring-indigo-500\" aria-expanded=\"false\" @click=\"isOpen = !isOpen\">\n              <span class=\"sr-only\">Open menu<\/span>\n              <svg class=\"h-6 w-6\" xmlns=\"http:\/\/www.w3.org\/2000\/svg\" fill=\"none\" viewBox=\"0 0 24 24\" stroke=\"currentColor\" aria-hidden=\"true\">\n                <path stroke-linecap=\"round\" stroke-linejoin=\"round\" stroke-width=\"2\" d=\"M4 6h16M4 12h16M4 18h16\" \/>\n              <\/svg>\n            <\/button>\n          <\/div>\n          <nav class=\"hidden md:flex space-x-10\">\n\n            <a href=\"#segem\" class=\"text-lg font-medium text-gray-800 hover:text-gray-900\">\n              SEGEM\n            <\/a>\n            <a href=\"#ziele\" class=\"text-lg font-medium text-gray-800 hover:text-gray-900\">\n              Unsere Ziele\n            <\/a>\n            <a href=\"#leistungen\" class=\"text-lg font-medium text-gray-800 hover:text-gray-900\">\n              Unser Leistungsangebot\n            <\/a>\n            <a href=\"#mitglied\" class=\"text-lg font-medium text-gray-800 hover:text-gray-900\">\n              Mitglied werden\n            <\/a>\n            <a href=\"#statut\" class=\"text-lg font-medium text-gray-800 hover:text-gray-900\">\n              Statut\n            <\/a>\n          <\/nav>\n          <div class=\"hidden md:flex items-center justify-end md:flex-1 lg:w-0\">\n            <a href=\"#kontakt\" class=\"ml-8 whitespace-nowrap inline-flex items-center justify-center px-4 py-2 border border-transparent rounded-md shadow-sm text-lg font-medium text-white bg-yellow-500 hover:bg-yellow-700\">\n              Kontakt\n            <\/a>\n          <\/div>\n        <\/div>\n      <\/div>\n      <div class=\"absolute top-0 inset-x-0 z-10 p-2 transition transform origin-top-right md:hidden\" x-show=\"isOpen\" @click.away=\" isOpen = false \">\n        <div class=\"rounded-lg shadow-lg ring-1 ring-black ring-opacity-5 bg-white divide-y-2 divide-gray-50\">\n          <div class=\"pt-5 pb-6 px-5\">\n            <div class=\"flex items-center justify-between\">\n              <div>\n                <img decoding=\"async\" class=\"h-8 w-auto\" src=\"https:\/\/dze-csv.it\/wp-content\/themes\/uncode-child\/template-parts\/blocks\/segem\/img\/SEGEM_logo.png\" alt=\"Segem\">\n              <\/div>\n              <div class=\"-mr-2\">\n                <button type=\"button\" class=\"bg-white rounded-md p-2 inline-flex items-center justify-center text-gray-400 hover:text-gray-500 hover:bg-gray-100 focus:outline-none focus:ring-2 focus:ring-inset focus:ring-indigo-500\" @click=\"isOpen = !isOpen\">\n                  <span class=\"sr-only\">Close menu<\/span>\n                  <!-- Heroicon name: outline\/x -->\n                  <svg class=\"h-6 w-6\" xmlns=\"http:\/\/www.w3.org\/2000\/svg\" fill=\"none\" viewBox=\"0 0 24 24\" stroke=\"currentColor\" aria-hidden=\"true\">\n                    <path stroke-linecap=\"round\" stroke-linejoin=\"round\" stroke-width=\"2\" d=\"M6 18L18 6M6 6l12 12\" \/>\n                  <\/svg>\n                <\/button>\n              <\/div>\n            <\/div>\n            <div class=\"mt-6\">\n              <nav class=\"grid gap-y-8\">\n              <a href=\"#segem\" class=\"text-lg font-medium text-gray-800 hover:text-gray-900\">\n              Segem\n            <\/a>\n            <a href=\"#ziele\" class=\"text-lg font-medium text-gray-800 hover:text-gray-900\">\n              Unsere Ziele\n            <\/a>\n            <a href=\"#leistungen\" class=\"text-lg font-medium text-gray-800 hover:text-gray-900\">\n              Unser Leistungsangebot\n            <\/a>\n            <a href=\"#mitglied\" class=\"text-lg font-medium text-gray-800 hover:text-gray-900\">\n              Mitglied werden\n            <\/a>\n            <a href=\"#statut\" class=\"text-lg font-medium text-gray-800 hover:text-gray-900\">\n              Statut\n            <\/a>\n            <a href=\"#kontakt\" class=\"text-lg font-medium text-gray-800 hover:text-gray-900\">\n              Kontakt\n            <\/a>\n              <\/nav>\n            <\/div>\n          <\/div>\n        <\/div>\n      <\/div>\n    <\/div>\n\n    <div class=\"lg:relative\">\n      <div class=\"mx-auto max-w-7xl w-full pt-32 pb-20 text-center lg:py-32 lg:text-left\">\n        <div class=\"px-4 lg:pb-8 lg:w-1\/2 sm:px-8 xl:pr-16 lg:pt-12\">\n          <h1 class=\"text-4xl tracking-tight font-extrabold text-gray-900 sm:text-5xl md:text-6xl lg:text-5xl xl:text-6xl\">\n            <span class=\"block xl:inline\">Senior*innen helfen<\/span>\n            <span class=\"block xl:inline text-yellow-500\">Senior*innen<\/span>\n          <\/h1>\n          <p class=\"mt-3 max-w-md mx-auto text-lg text-gray-500 sm:text-2xl md:mt-5 md:max-w-3xl\">\n          Die SEGEM arbeitet nach dem Grundsatz: Senior*innen helfen Senior*innen. <br> Das bedeutet: die Mitglieder unterst\u00fctzen sich gegenseitig mit allt\u00e4glichen Hilfen.\n          <\/p>\n        <\/div>\n      <\/div>\n      <div class=\"relative w-full h-64 sm:h-72 md:h-96 lg:absolute lg:inset-y-0 lg:right-0 lg:w-1\/2 lg:h-full\">\n        <img decoding=\"async\" class=\"absolute inset-0 w-full h-full object-cover\" src=\"https:\/\/dze-csv.it\/wp-content\/themes\/uncode-child\/template-parts\/blocks\/segem\/img\/Segem.jpg\" alt=\"\">\n      <\/div>\n    <\/div>\n  <\/header>\n\n  <main>\n\n    <div class=\"relative -mt-32\">\n      <div class=\"mx-auto max-w-md px-4 text-center sm:max-w-3xl sm:px-6 lg:px-8 lg:max-w-7xl\">\n        <div class=\"mt-12\">\n          <div class=\"grid grid-cols-1 gap-8 sm:grid-cols-2 lg:grid-cols-3\">\n            <div class=\"pt-6\">\n              <div class=\"flow-root bg-white shadow-xl rounded-lg px-6 pb-8\">\n                <div class=\"-mt-6\">\n                  <div>\n                    <span class=\"inline-flex items-center justify-center p-3 bg-yellow-500 rounded-md shadow-lg\">\n                    <img decoding=\"async\" class=\"h-6 w-6\" src=\"https:\/\/dze-csv.it\/wp-content\/themes\/uncode-child\/template-parts\/blocks\/segem\/img\/phone_icon_white.svg\" alt=\"\">\n                    <\/span>\n                  <\/div>\n                  <h3 class=\"mt-8 text-lg font-medium text-gray-900 tracking-tight\">Telefon<\/h3>\n                  <p class=\"mt-5 text-base text-gray-500\">\n                  388 7572591\n                  <\/p>\n                <\/div>\n              <\/div>\n            <\/div>\n\n            <div class=\"pt-6\">\n              <div class=\"flow-root bg-white shadow-xl rounded-lg px-6 pb-8\">\n                <div class=\"-mt-6\">\n                  <div>\n                    <span class=\"inline-flex items-center justify-center p-3 bg-yellow-500 rounded-md shadow-lg\">\n                    <img decoding=\"async\" class=\"h-6 w-6\" src=\"https:\/\/dze-csv.it\/wp-content\/themes\/uncode-child\/template-parts\/blocks\/segem\/img\/email_icon_white.svg\" alt=\"\">\n                    <\/span>\n                  <\/div>\n                  <h3 class=\"mt-8 text-lg font-medium text-gray-900 tracking-tight\">E-Mail<\/h3>\n                  <p class=\"mt-5 text-base text-gray-500\">\n                    segem@konmail.net\n                  <\/p>\n                <\/div>\n              <\/div>\n            <\/div>\n\n            <div class=\"pt-6\">\n              <div class=\"flow-root bg-white shadow-xl rounded-lg px-6 pb-8\">\n                <div class=\"-mt-6\">\n                  <div>\n                    <span class=\"inline-flex items-center justify-center p-3 bg-yellow-500 rounded-md shadow-lg\">\n                      <svg class=\"h-6 w-6 text-white\" xmlns=\"http:\/\/www.w3.org\/2000\/svg\" fill=\"none\" viewBox=\"0 0 24 24\" stroke=\"currentColor\" aria-hidden=\"true\">\n                        <path stroke-linecap=\"round\" stroke-linejoin=\"round\" stroke-width=\"2\" d=\"M4 4v5h.582m15.356 2A8.001 8.001 0 004.582 9m0 0H9m11 11v-5h-.581m0 0a8.003 8.003 0 01-15.357-2m15.357 2H15\" \/>\n                      <\/svg>\n                    <\/span>\n                  <\/div>\n                  <h3 class=\"mt-8 text-lg font-medium text-gray-900 tracking-tight\">IBAN<\/h3>\n                  <p class=\"mt-5 text-base text-gray-500\">\n                  IT69U0813358591000301006983\n                  <\/p>\n                <\/div>\n              <\/div>\n            <\/div>\n\n          <\/div>\n        <\/div>\n      <\/div>\n    <\/div>\n\n    <div id=\"segem\" class=\"py-16 xl:py-32 px-4 sm:px-6 lg:px-8 bg-white overflow-hidden\">\n      <div class=\"max-w-max lg:max-w-6xl mx-auto\">\n        <div class=\"relative z-10 mb-8 md:mb-2 md:px-6\">\n          <div class=\"text-base max-w-prose lg:max-w-none\">\n            <h2 class=\"leading-6 text-yellow-500 font-semibold tracking-wide uppercase\">Der Verein<\/h2>\n            <p class=\"mt-2 text-3xl leading-8 font-extrabold tracking-tight text-gray-900 sm:text-4xl\">Wer ist SEGEM<\/p>\n          <\/div>\n        <\/div>\n        <div class=\"relative\">\n          <svg class=\"hidden md:block absolute top-0 right-0 -mt-20 -mr-20\" width=\"404\" height=\"384\" fill=\"none\" viewBox=\"0 0 404 384\" aria-hidden=\"true\">\n            <defs>\n              <pattern id=\"95e8f2de-6d30-4b7e-8159-f791729db21b\" x=\"0\" y=\"0\" width=\"20\" height=\"20\" patternUnits=\"userSpaceOnUse\">\n                <rect x=\"0\" y=\"0\" width=\"4\" height=\"4\" class=\"text-gray-200\" fill=\"currentColor\" \/>\n              <\/pattern>\n            <\/defs>\n            <rect width=\"404\" height=\"384\" fill=\"url(#95e8f2de-6d30-4b7e-8159-f791729db21b)\" \/>\n          <\/svg>\n          <svg class=\"hidden md:block absolute bottom-0 left-0 -mb-20 -ml-20\" width=\"404\" height=\"384\" fill=\"none\" viewBox=\"0 0 404 384\" aria-hidden=\"true\">\n            <defs>\n              <pattern id=\"7a00fe67-0343-4a3c-8e81-c145097a3ce0\" x=\"0\" y=\"0\" width=\"20\" height=\"20\" patternUnits=\"userSpaceOnUse\">\n                <rect x=\"0\" y=\"0\" width=\"4\" height=\"4\" class=\"text-gray-200\" fill=\"currentColor\" \/>\n              <\/pattern>\n            <\/defs>\n            <rect width=\"404\" height=\"384\" fill=\"url(#7a00fe67-0343-4a3c-8e81-c145097a3ce0)\" \/>\n          <\/svg>\n          <div class=\"relative md:bg-white md:p-6\">\n            <div class=\"lg:grid lg:grid-cols-2 lg:gap-6\">\n              <div class=\"prose prose-indigo prose-lg text-gray-500 lg:max-w-none\">\n                <p><b>Die Senior*innen-Gemeinschaft Meran ist eine ehrenamtliche Organisation<\/b>, die ausschlie\u00dflich gemeinn\u00fctzige und solidarische Zwecke verfolgt und nicht auf Gewinn ausgerichtet ist.<\/p>\n                <p><b>Die SEGEM arbeitet nach dem Grundsatz: Senior*innen helfen Senior*innen.<\/b> Das bedeutet: die Mitglieder unterst\u00fctzen sich gegenseitig mit allt\u00e4glichen Hilfen.<\/p>\n              <\/div>\n              <div class=\"mt-6 prose prose-indigo prose-lg text-gray-500 lg:mt-0\">\n                <p>Die noch fitten Senior*innen k\u00f6nnen so ihre eigenen F\u00e4higkeiten zum Wohle der hilfsbed\u00fcrftigen Senior*innen einbringen und sich <b>gegenseitig ein selbstbestimmtes Leben in ihrer vertrauten Umgebung erleichtern.<\/b><\/p>\n                <p>Unser Verein wurde am 01. M\u00e4rz 2021 gegr\u00fcndet.<\/p>\n              <\/div>\n            <\/div>\n          <\/div>\n        <\/div>\n      <\/div>\n    <\/div>\n\n    <div class=\"bg-white overflow-hidden\">\n      <div class=\"relative max-w-7xl mx-auto py-16 px-4 sm:px-6 lg:px-8\">\n        <div class=\"hidden lg:block bg-gray-50 absolute top-0 bottom-0 left-3\/4 w-screen\"><\/div>\n        <div class=\"mx-auto text-base max-w-prose lg:grid lg:grid-cols-2 lg:gap-8 lg:max-w-none\">\n          <div>\n            <h2 class=\"leading-6 text-yellow-500 font-semibold tracking-wide uppercase\">Event<\/h2>\n            <h3 class=\"mt-2 text-3xl leading-8 font-extrabold tracking-tight text-gray-900 sm:text-4xl\">Ordentliche Mitgliedervollversammlung 2022<\/h3>\n          <\/div>\n        <\/div>\n        <div class=\"mt-8 lg:grid lg:grid-cols-2 lg:gap-8\">\n          <div class=\"relative lg:row-start-1 lg:col-start-2\">\n            <svg class=\"hidden lg:block absolute top-0 right-0 -mt-20 -mr-20\" width=\"404\" height=\"384\" fill=\"none\" viewBox=\"0 0 404 384\" aria-hidden=\"true\">\n              <defs>\n                <pattern id=\"de316486-4a29-4312-bdfc-fbce2132a2c1\" x=\"0\" y=\"0\" width=\"20\" height=\"20\" patternUnits=\"userSpaceOnUse\">\n                  <rect x=\"0\" y=\"0\" width=\"4\" height=\"4\" class=\"text-gray-200\" fill=\"currentColor\" \/>\n                <\/pattern>\n              <\/defs>\n              <rect width=\"404\" height=\"384\" fill=\"url(#de316486-4a29-4312-bdfc-fbce2132a2c1)\" \/>\n            <\/svg>\n            <div class=\"relative text-base mx-auto max-w-prose lg:max-w-none\">\n              <figure>\n                <div class=\"aspect-w-12 aspect-h-7 lg:aspect-none\">\n                                  <\/div>\n              <\/figure>\n              <figure class=\"mt-8\">\n                <div class=\"aspect-w-12 aspect-h-7 lg:aspect-none\">\n                                  <\/div>\n              <\/figure>\n            <\/div>\n          <\/div>\n          <div class=\"mt-8 lg:mt-0\">\n            <div class=\"mt-5 prose prose-indigo text-gray-500 mx-auto lg:max-w-none lg:row-start-1 lg:col-start-1\">\n              <p>Am 24.05.2022 hat unsere Vollversammlung stattgefunden. Auf der Tagesordnung stand unter Anderem der Jahresbericht des Vorstands f\u00fcr das abgelaufene Kalenderjahr und die T\u00e4tigkeitsvorschau f\u00fcr das laufende Jahr 2022. Hier ein Auszug der erbrachten Leistungen: <\/p>\n              <ul>\n                <li>T\u00e4glicher Telefondienst &#8211; Die SEGEM war t\u00e4glich von Montag bis Freitag 3,5 Std. und im Notfall auch Samstag und Sonntag erreichbar.<\/li>\n                <li>\u00d6ffentlichkeitsarbeit &#8211; Informationsfolder, Informationsveranstaltungen, Pressemitteilungen, Webseite<\/li>\n                <li>Partizipation gegen Einsamkeit im Alter<\/li>\n                <li>Begleit- und Fahrdienste <\/li>\n                <li>Besorgungen f\u00fcr die Senior*innen durchf\u00fchren<\/li>\n                <li>Zur Covid-Impfung motivieren und begleiten<\/li>\n                <li>Beratung und Hilfe f\u00fcr zu pflegende Angeh\u00f6rige in schwierigen Situationen<\/li>\n                <li>Beratung, Hilfe und Begleitung f\u00fcr Senior*innen, die gegen ihren Willen im Seniorenheim sind <\/li>\n                <li> Fachspezifische Beratungen- Rechtsberatung und medizinisch-geriatrische Beratung <\/li>\n                <li>Zusammenarbeit mit bereits bestehenden Diensten f\u00fcr Senior*innen und Menschen mit Beeintr\u00e4chtigungen<\/li>\n              <\/ul>\n              <p>Folgende Projekte fanden statt:<\/p>\n              <ul>\n                <li>\u201eTag der Freundschaft\u201c<\/li>\n                <li>\u201eBewegung im Park\u201c<\/li>\n                <li>\u201eDigitalisierung\u201c bzw. der Umgang mit den neuen digitalen Medien&#8221;<\/li>\n              <\/ul>\n              <p>Landesr\u00e4tin Dr. Waltraud Deeg und Stadtrat Stefan Fr\u00f6tscher begleiteten die Vollversammlung zudem mit Referaten zu \u201eAltersarmut und soziale Ma\u00dfnahmen\u201c und zur \u201eUmsetzung konkreter Ma\u00dfnahmen f\u00fcr Senioren laut Sozialplan: Betreuungsangebote, Notlagen, Kontakte\u201c <\/p>\n            <\/div>\n          <\/div>\n        <\/div>\n      <\/div>\n    <\/div>\n\n    <div class=\"bg-white overflow-hidden\">\n      <div class=\"relative max-w-7xl mx-auto py-16 px-4 sm:px-6 lg:px-8\">\n        <div class=\"hidden lg:block bg-gray-50 absolute top-0 bottom-0 left-3\/4 w-screen\"><\/div>\n        <div class=\"mx-auto text-base max-w-prose lg:grid lg:grid-cols-2 lg:gap-8 lg:max-w-none\">\n          <div>\n            <h2 class=\"leading-6 text-yellow-500 font-semibold tracking-wide uppercase\">Event<\/h2>\n            <h3 class=\"mt-2 text-3xl leading-8 font-extrabold tracking-tight text-gray-900 sm:text-4xl\">Senior*innen-Stammtisch-Runde im Kur- und Pflegeheim St. Josef in Meran<\/h3>\n          <\/div>\n        <\/div>\n        <div class=\"mt-8 lg:grid lg:grid-cols-2 lg:gap-8\">\n          <div class=\"relative lg:row-start-1 lg:col-start-2\">\n            <svg class=\"hidden lg:block absolute top-0 right-0 -mt-20 -mr-20\" width=\"404\" height=\"384\" fill=\"none\" viewBox=\"0 0 404 384\" aria-hidden=\"true\">\n              <defs>\n                <pattern id=\"de316486-4a29-4312-bdfc-fbce2132a2c1\" x=\"0\" y=\"0\" width=\"20\" height=\"20\" patternUnits=\"userSpaceOnUse\">\n                  <rect x=\"0\" y=\"0\" width=\"4\" height=\"4\" class=\"text-gray-200\" fill=\"currentColor\" \/>\n                <\/pattern>\n              <\/defs>\n              <rect width=\"404\" height=\"384\" fill=\"url(#de316486-4a29-4312-bdfc-fbce2132a2c1)\" \/>\n            <\/svg>\n            <div class=\"relative text-base mx-auto max-w-prose lg:max-w-none\">\n              <figure>\n                <div class=\"aspect-w-12 aspect-h-7 lg:aspect-none\">\n                                  <\/div>\n              <\/figure>\n            <\/div>\n          <\/div>\n          <div class=\"mt-8 lg:mt-0\">\n            <div class=\"mt-5 prose prose-indigo text-gray-500 mx-auto lg:max-w-none lg:row-start-1 lg:col-start-1\">\n              <p>Die Senioren*innen-Stammtisch-Runde trifft findet jeden Montag von 10:00 \u2013 12:00 Uhr statt. Interessierte Senior*innen k\u00f6nnen unangemeldet zu diesem Treffen kommen. Es geht hier: <\/p>\n              <ul>\n                <li>um ein lockeres Beisammensein,<\/li>\n                <li>um Austausch zu Themen, die spontan eingebracht werden,<\/li>\n                <li>um Erfahrungsaustausch<\/li>\n                <li>um Einbringen von Anliegen und Vorschl\u00e4gen, die Senior*innen betreffen<\/li>\n              <\/ul>\n            <\/div>\n          <\/div>\n        <\/div>\n      <\/div>\n    <\/div>\n\n    <div class=\"bg-white overflow-hidden\">\n      <div class=\"relative max-w-7xl mx-auto py-16 px-4 sm:px-6 lg:px-8\">\n        <div class=\"hidden lg:block bg-gray-50 absolute top-0 bottom-0 left-3\/4 w-screen\"><\/div>\n        <div class=\"mx-auto text-base max-w-prose lg:grid lg:grid-cols-2 lg:gap-8 lg:max-w-none\">\n          <div>\n            <h2 class=\"leading-6 text-yellow-500 font-semibold tracking-wide uppercase\">Event<\/h2>\n            <h3 class=\"mt-2 text-3xl leading-8 font-extrabold tracking-tight text-gray-900 sm:text-4xl\">Wissen gibt Halt<\/h3>\n          <\/div>\n        <\/div>\n        <div class=\"mt-8 lg:grid lg:grid-cols-2 lg:gap-8\">\n          <div class=\"relative lg:row-start-1 lg:col-start-2\">\n            <svg class=\"hidden lg:block absolute top-0 right-0 -mt-20 -mr-20\" width=\"404\" height=\"384\" fill=\"none\" viewBox=\"0 0 404 384\" aria-hidden=\"true\">\n              <defs>\n                <pattern id=\"de316486-4a29-4312-bdfc-fbce2132a2c1\" x=\"0\" y=\"0\" width=\"20\" height=\"20\" patternUnits=\"userSpaceOnUse\">\n                  <rect x=\"0\" y=\"0\" width=\"4\" height=\"4\" class=\"text-gray-200\" fill=\"currentColor\" \/>\n                <\/pattern>\n              <\/defs>\n              <rect width=\"404\" height=\"384\" fill=\"url(#de316486-4a29-4312-bdfc-fbce2132a2c1)\" \/>\n            <\/svg>\n            <div class=\"relative text-base mx-auto max-w-prose lg:max-w-none\">\n              <figure>\n                <div class=\"aspect-w-12 aspect-h-7 lg:aspect-none\">\n                                      <div class=\"glide3\">\n                      <div class=\"glide__track\" data-glide-el=\"track\">\n                        <ul class=\"glide__slides\">\n                          \n                            <li class=\"glide__slide\">\n                              <img decoding=\"async\" class=\"h-full w-full object-cover\" src=\"https:\/\/dze-csv.it\/wp-content\/uploads\/2021\/05\/Wissen2.jpg\" alt=\"\">\n                            <\/li>\n                          \n                            <li class=\"glide__slide\">\n                              <img decoding=\"async\" class=\"h-full w-full object-cover\" src=\"https:\/\/dze-csv.it\/wp-content\/uploads\/2021\/05\/Wissen1.jpg\" alt=\"\">\n                            <\/li>\n                          \n                            <li class=\"glide__slide\">\n                              <img decoding=\"async\" class=\"h-full w-full object-cover\" src=\"https:\/\/dze-csv.it\/wp-content\/uploads\/2021\/05\/Wissen3.jpg\" alt=\"\">\n                            <\/li>\n                                                  <\/ul>\n                      <\/div>\n                    <\/div>\n                                  <\/div>\n              <\/figure>\n            <\/div>\n          <\/div>\n          <div class=\"mt-8 lg:mt-0\">\n            <div class=\"text-base max-w-prose mx-auto lg:max-w-none\">\n              <p class=\"text-lg text-gray-500\">Es war eine gelungene Veranstaltung. Viele der Seniorinnen und Senioren, die an dieser Veranstaltung teilgenommen haben, haben uns in der Folge kontaktiert, sind Mitglieder der SEGEM geworden und unsere Dienste in Anspruch genommen. Wir sind ein starkes Team, das sich f\u00fcr das Wohl der Senior*innen unserer Stadt einsetzt.<\/p>\n            <\/div>\n            <div class=\"mt-5 prose prose-indigo text-gray-500 mx-auto lg:max-w-none lg:row-start-1 lg:col-start-1\">\n              <p>Die Senior*innen folgten aufmerksam den Ausf\u00fchrungen unserer Referenten &#8211; Primar Dr. Christian Wenter und Florian Prinoth Direktor der Sozialdienste Bezirksgemeinschaft Burggrafenamt. Sehr stark in Erinnerung geblieben ist mir, wie viele \u00e4ltere Menschen in unserer Gesellschaft einsam leben. Noch mehr in Erinnerung geblieben ist mir, dass wir sehr viel dazu beitragen k\u00f6nnen, diesem Problem entgegen zu wirken. Genau daf\u00fcr setzt sich die SEGEM ein.<\/p>\n              <p>Wie Dir. Florian Prinoth uns informiert, gibt es eine Reihe an Hilfsangeboten f\u00fcr Senior*innen in unserer Stadt. Trotzdem braucht es dingend die ehrenamtlichen Leistungen. Damit Vereine ihre T\u00e4tigkeiten ausf\u00fchren k\u00f6nnen, werden Menschen zur ehrenamtlichen Mitarbeit dringend gebraucht. Auch unser Verein kann nur dann erfolgreich arbeiten, wenn viele fitte Senior*innen den bed\u00fcrftigen bereit sind, zu helfen. Wer sich dazu f\u00fchlt und die Bereitschaft daf\u00fcr hat, darf sich gerne bei SEGEM melden.<\/p>\n              <p class=\"font-medium\">Unsere Kontaktdaten: 388 7572591<\/p>\n              <div class=\"rounded-md shadow text-white\">\n                <a href=\"https:\/\/dze-csv.it\/wp-content\/uploads\/2021\/08\/Flyer_Wissen-gibt-Halt-1.pdf\" class=\"w-full flex items-center justify-center px-5 py-3 border border-transparent text-base font-medium rounded-md text-white bg-yellow-500 hover:bg-yellow-400\" style=\"color: white !important\">\n                  Flyer\n                <\/a>\n              <\/div>\n            <\/div>\n          <\/div>\n        <\/div>\n      <\/div>\n    <\/div>\n\n\n\n    <div class=\"bg-gray-100\">\n      <div class=\"mx-auto py-12 px-4 max-w-6xl sm:px-6 lg:px-8 lg:py-24\">\n        <div class=\"space-y-12\">\n          <div class=\"space-y-5 sm:space-y-4 md:max-w-xl lg:max-w-3xl xl:max-w-none\">\n            <h2 class=\"text-3xl font-extrabold tracking-tight sm:text-4xl\">Die Gr\u00fcndungsmitglieder<\/h2>\n          <\/div>\n          <ul class=\"space-y-12 sm:grid sm:grid-cols-2 sm:gap-x-6 sm:gap-y-12 sm:space-y-0 lg:grid-cols-5 lg:gap-x-0\">\n            <li>\n              <div class=\"space-y-4\">\n\n                <div class=\"space-y-2\">\n                  <div class=\"text-base leading-6 font-medium space-y-1\">\n                    <h3>Beatrix Burger<\/h3>\n                  <\/div>\n                <\/div>\n              <\/div>\n            <\/li>\n\n            <li>\n              <div class=\"space-y-4\">\n\n                <div class=\"space-y-2\">\n                  <div class=\"text-base leading-6 font-medium space-y-1\">\n                    <h3>Carmen Trojer<\/h3>\n                  <\/div>\n                <\/div>\n              <\/div>\n            <\/li>\n            <li>\n              <div class=\"space-y-4\">\n\n                <div class=\"space-y-2\">\n                  <div class=\"text-base leading-6 font-medium space-y-1\">\n                    <h3>Dr. Ernst Fop<\/h3>\n                  <\/div>\n                <\/div>\n              <\/div>\n            <\/li>\n            <li>\n              <div class=\"space-y-4\">\n\n                <div class=\"space-y-2\">\n                  <div class=\"text-base leading-6 font-medium space-y-1\">\n                    <h3>Georg H\u00f6rwarter<\/h3>\n                  <\/div>\n                <\/div>\n              <\/div>\n            <\/li>\n            <li>\n              <div class=\"space-y-4\">\n\n                <div class=\"space-y-2\">\n                  <div class=\"text-base leading-6 font-medium space-y-1\">\n                    <h3>Gertrude Tschenett G\u00f6tsch<\/h3>\n                  <\/div>\n                <\/div>\n              <\/div>\n            <\/li>\n            <li>\n              <div class=\"space-y-4\">\n\n                <div class=\"space-y-2\">\n                  <div class=\"text-base leading-6 font-medium space-y-1\">\n                    <h3>Glenda Belluta Prinoth<\/h3>\n                  <\/div>\n                <\/div>\n              <\/div>\n            <\/li>\n            <li>\n              <div class=\"space-y-4\">\n\n                <div class=\"space-y-2\">\n                  <div class=\"text-base leading-6 font-medium space-y-1\">\n                    <h3>Dr. G\u00fcnther Januth<\/h3>\n                  <\/div>\n                <\/div>\n              <\/div>\n            <\/li>\n            <li>\n              <div class=\"space-y-4\">\n\n                <div class=\"space-y-2\">\n                  <div class=\"text-base leading-6 font-medium space-y-1\">\n                    <h3>Dr. Ingrid Ruffini<\/h3>\n                  <\/div>\n                <\/div>\n              <\/div>\n            <\/li>\n            <li>\n              <div class=\"space-y-4\">\n\n                <div class=\"space-y-2\">\n                  <div class=\"text-base leading-6 font-medium space-y-1\">\n                    <h3>Marlene Pircher Preims<\/h3>\n                  <\/div>\n                <\/div>\n              <\/div>\n            <\/li>\n            <li>\n              <div class=\"space-y-4\">\n\n                <div class=\"space-y-2\">\n                  <div class=\"text-base leading-6 font-medium space-y-1\">\n                    <h3>Dr. Silvia Paler<\/h3>\n                  <\/div>\n                <\/div>\n              <\/div>\n            <\/li>\n          <\/ul>\n        <\/div>\n      <\/div>\n    <\/div>\n\n    <div class=\"bg-white\">\n      <div class=\"mx-auto py-12 px-4 max-w-6xl sm:px-6 lg:px-8 lg:py-24\">\n        <div class=\"space-y-12\">\n          <div class=\"space-y-5 sm:space-y-4 md:max-w-xl lg:max-w-3xl xl:max-w-none\">\n            <h2 class=\"text-3xl font-extrabold tracking-tight sm:text-4xl\">Der Vorstand<\/h2>\n          <\/div>\n          <ul class=\"space-y-12 sm:grid sm:grid-cols-2 sm:gap-x-6 sm:gap-y-12 sm:space-y-0 lg:grid-cols-3 lg:gap-x-8\">\n            <li>\n              <div class=\"space-y-4\">\n\n                <div class=\"space-y-2\">\n                  <div class=\"text-lg leading-6 font-medium space-y-1\">\n                    <h3>Marlene Pircher Preims<\/h3>\n                    <p class=\"text-yellow-500\">Pr\u00e4sidentin<\/p>\n                  <\/div>\n                <\/div>\n              <\/div>\n            <\/li>\n\n            <li>\n              <div class=\"space-y-4\">\n\n                <div class=\"space-y-2\">\n                  <div class=\"text-lg leading-6 font-medium space-y-1\">\n                    <h3>Gertrude Tschenett G\u00f6tsch<\/h3>\n                    <p class=\"text-yellow-500\">Vizepr\u00e4sidentin<\/p>\n                  <\/div>\n                <\/div>\n              <\/div>\n            <\/li>\n            <li>\n              <div class=\"space-y-4\">\n\n                <div class=\"space-y-2\">\n                  <div class=\"text-lg leading-6 font-medium space-y-1\">\n                    <h3>Dr. G\u00fcnther Januth<\/h3>\n                    <p class=\"text-yellow-500\">Schriftf\u00fchrer<\/p>\n                  <\/div>\n                <\/div>\n              <\/div>\n            <\/li>\n          <\/ul>\n        <\/div>\n      <\/div>\n    <\/div>\n\n    <div class=\"bg-fixed h-96 w-full bg-center\" style=\"background-image: url(https:\/\/dze-csv.it\/wp-content\/themes\/uncode-child\/template-parts\/blocks\/segem\/img\/Segem.jpg)\">\n    <\/div>\n\n    <div id=\"ziele\" class=\"bg-white\">\n      <div class=\"max-w-6xl mx-auto py-16 px-4 sm:px-6 lg:py-24 lg:px-8 lg:grid lg:grid-cols-3 lg:gap-x-8\">\n        <div>\n          <div class=\"sticky top-32\">\n            <h2 class=\"text-base font-semibold text-yellow-500 uppercase tracking-wide\">Was macht SEGEM<\/h2>\n            <p class=\"mt-2 text-4xl font-extrabold text-gray-900\">Unsere Ziele<\/p>\n          <\/div>\n        <\/div>\n        <div class=\"mt-12 lg:mt-0 lg:col-span-2\">\n          <dl class=\"space-y-10 sm:space-y-10 sm:grid sm:grid-cols-1 shadow-2xl p-8 rounded-xl\">\n            <div class=\"relative\">\n              <dt>\n                <svg class=\"absolute h-6 w-6 text-green-500\" xmlns=\"http:\/\/www.w3.org\/2000\/svg\" fill=\"none\" viewBox=\"0 0 24 24\" stroke=\"currentColor\" aria-hidden=\"true\">\n                  <path stroke-linecap=\"round\" stroke-linejoin=\"round\" stroke-width=\"2\" d=\"M5 13l4 4L19 7\" \/>\n                <\/svg>\n                <p class=\"ml-9 text-lg leading-6 font-medium text-gray-900\">&#8220;Daheim statt im Heim\u201c:<\/p>\n              <\/dt>\n              <dd class=\"mt-2 ml-9 text-base text-gray-500\">\n              Es Senior*innen erm\u00f6glichen, bis ins hohe Alter ein selbstbestimmtes, selbstst\u00e4ndiges und sinnerf\u00fclltes Leben in ihrem eigenen Wohnumfeld gestalten k\u00f6nnen. Die dazu notwendigen Hilfen zu vermitteln und g\u00fcnstig anzubieten.\n              <\/dd>\n            <\/div>\n\n            <div class=\"relative\">\n              <dt>\n                <svg class=\"absolute h-6 w-6 text-green-500\" xmlns=\"http:\/\/www.w3.org\/2000\/svg\" fill=\"none\" viewBox=\"0 0 24 24\" stroke=\"currentColor\" aria-hidden=\"true\">\n                  <path stroke-linecap=\"round\" stroke-linejoin=\"round\" stroke-width=\"2\" d=\"M5 13l4 4L19 7\" \/>\n                <\/svg>\n                <p class=\"ml-9 text-lg leading-6 font-medium text-gray-900\">Eine sinnvolle Lebensaufgabe<\/p>\n              <\/dt>\n              <dd class=\"mt-2 ml-9 text-base text-gray-500\">\n              Den ehrenamtlichen Mitgliedern eine sinnvolle Lebensaufgabe anbieten.\n              <\/dd>\n            <\/div>\n\n            <div class=\"relative\">\n              <dt>\n                <!-- Heroicon name: outline\/check -->\n                <svg class=\"absolute h-6 w-6 text-green-500\" xmlns=\"http:\/\/www.w3.org\/2000\/svg\" fill=\"none\" viewBox=\"0 0 24 24\" stroke=\"currentColor\" aria-hidden=\"true\">\n                  <path stroke-linecap=\"round\" stroke-linejoin=\"round\" stroke-width=\"2\" d=\"M5 13l4 4L19 7\" \/>\n                <\/svg>\n                <p class=\"ml-9 text-lg leading-6 font-medium text-gray-900\">Beratung, Begleitung und Unterst\u00fctzung<\/p>\n              <\/dt>\n              <dd class=\"mt-2 ml-9 text-base text-gray-500\">\n              Senior*innen und Menschen mit Beeintr\u00e4chtigung in der Bew\u00e4ltigung ihrer Herausforderungen Beratung, Begleitung und Unterst\u00fctzung bieten.\n              <\/dd>\n            <\/div>\n\n            <div class=\"relative\">\n              <dt>\n                <svg class=\"absolute h-6 w-6 text-green-500\" xmlns=\"http:\/\/www.w3.org\/2000\/svg\" fill=\"none\" viewBox=\"0 0 24 24\" stroke=\"currentColor\" aria-hidden=\"true\">\n                  <path stroke-linecap=\"round\" stroke-linejoin=\"round\" stroke-width=\"2\" d=\"M5 13l4 4L19 7\" \/>\n                <\/svg>\n                <p class=\"ml-9 text-lg leading-6 font-medium text-gray-900\">\u201eGemeinsam statt einsam\u201c:<\/p>\n              <\/dt>\n              <dd class=\"mt-2 ml-9 text-base text-gray-500\">\n              \u201eSenior*innen sind digital vernetzt\u201c.\n              <\/dd>\n            <\/div>\n\n            <div class=\"relative\">\n              <dt>\n                <svg class=\"absolute h-6 w-6 text-green-500\" xmlns=\"http:\/\/www.w3.org\/2000\/svg\" fill=\"none\" viewBox=\"0 0 24 24\" stroke=\"currentColor\" aria-hidden=\"true\">\n                  <path stroke-linecap=\"round\" stroke-linejoin=\"round\" stroke-width=\"2\" d=\"M5 13l4 4L19 7\" \/>\n                <\/svg>\n                <p class=\"ml-9 text-lg leading-6 font-medium text-gray-900\">Chancengleichheit<\/p>\n              <\/dt>\n              <dd class=\"mt-2 ml-9 text-base text-gray-500\">\n              Die SEGEM f\u00f6rdert die Chancengleichheit. Sie setzt sich f\u00fcr barrierefreies Wohnen und barrierefreie Gehsteige, Pl\u00e4tze, Begegnungsorte usw. ein.\n              <\/dd>\n            <\/div>\n\n            <div class=\"relative\">\n              <dt>\n                <svg class=\"absolute h-6 w-6 text-green-500\" xmlns=\"http:\/\/www.w3.org\/2000\/svg\" fill=\"none\" viewBox=\"0 0 24 24\" stroke=\"currentColor\" aria-hidden=\"true\">\n                  <path stroke-linecap=\"round\" stroke-linejoin=\"round\" stroke-width=\"2\" d=\"M5 13l4 4L19 7\" \/>\n                <\/svg>\n                <p class=\"ml-9 text-lg leading-6 font-medium text-gray-900\">Beteiligung<\/p>\n              <\/dt>\n              <dd class=\"mt-2 ml-9 text-base text-gray-500\">\n              Die Beteiligung der Senior*innen an den kommunalpolitischen Entscheidungen, die sie betreffen, f\u00f6rdern und unterst\u00fctzen.\n              <\/dd>\n            <\/div>\n\n            <div class=\"relative\">\n              <dt>\n                <svg class=\"absolute h-6 w-6 text-green-500\" xmlns=\"http:\/\/www.w3.org\/2000\/svg\" fill=\"none\" viewBox=\"0 0 24 24\" stroke=\"currentColor\" aria-hidden=\"true\">\n                  <path stroke-linecap=\"round\" stroke-linejoin=\"round\" stroke-width=\"2\" d=\"M5 13l4 4L19 7\" \/>\n                <\/svg>\n                <p class=\"ml-9 text-lg leading-6 font-medium text-gray-900\">Gemeinsame Vorgehensweise<\/p>\n              <\/dt>\n              <dd class=\"mt-2 ml-9 text-base text-gray-500\">\n              Unsere Angebote erfolgen in Abstimmung mit den Vereinsmitgliedern sowie durch Zusammenarbeit mit den bereits vorhandenen Diensten f\u00fcr Senior*innen und Menschen mit Beeintr\u00e4chtigungen.\n              <\/dd>\n            <\/div>\n          <\/dl>\n        <\/div>\n      <\/div>\n    <\/div>\n\n    <div class=\"bg-fixed h-96 w-full bg-center\" style=\"background-image: url(https:\/\/dze-csv.it\/wp-content\/themes\/uncode-child\/template-parts\/blocks\/segem\/img\/Segem.jpg)\">\n    <\/div>\n\n    <div id=\"leistungen\" class=\"bg-gray-50\">\n      <div class=\"max-w-7xl mx-auto py-12 px-4 sm:py-16 sm:px-6 lg:px-8\">\n        <div class=\"max-w-5xl mx-auto\">\n          <p class=\"text-base font-semibold text-yellow-500 uppercase tracking-wide\">Was macht SEGEM<\/p>\n          <h2 class=\"text-3xl font-extrabold text-gray-900 sm:text-4xl pb-8\">\n          Unser Leistungsangebot\n          <\/h2>\n          <p class=\"mt-4 text-lg text-gray-500\">Die SEGEM bietet niederschwellige, unkomplizierte Dienste. Die nachfolgend angef\u00fchrten Leistungen k\u00f6nnen nur erbracht werden, wenn dem Verein die erforderlichen Helfer*innen zur Verf\u00fcgung stehen. Wohnortnahe Dienst- und Unterst\u00fctzungsleistungen f\u00fcr Senior*innen und ihre Angeh\u00f6rigen sehen wir als wichtige Voraussetzung. <br> Dazu z\u00e4hlen:<\/p>\n          <dl class=\"mt-12 space-y-6 divide-y divide-gray-200 max-w-4xl mx-auto shadow-2xl rounded-xl p-8\">\n            <div class=\"pt-6\">\n              <dt class=\"text-lg\">\n                <button type=\"button\" class=\"text-left w-full flex justify-between items-start text-gray-400\" aria-controls=\"faq-0\" aria-expanded=\"false\">\n                  <span class=\"font-medium text-gray-900\">\n                  Ma\u00dfnahmen gegen das Alleinsein\n                  <\/span>\n                  <span class=\"ml-6 h-7 flex items-center\">\n                  <\/span>\n                <\/button>\n              <\/dt>\n              <dd class=\"mt-2 pr-12\" id=\"faq-0\">\n                <p class=\"text-base text-gray-500\">\n                Kommunikationsbesuche, kostenlose w\u00f6chentliche Telefongespr\u00e4che mit Alleinstehenden, Einf\u00fchrung und Begleitung in \u00f6rtliche Senior*innengruppen, kostenlose Abholdienste zu den gemeinsamen Aktivit\u00e4ten, durch Pflege von geselligen Zusammenk\u00fcnften, buntes Angebot \u00fcber \u201eDigital verbunden\u201c.\n                <\/p>\n              <\/dd>\n            <\/div>\n\n            <div class=\"pt-6\">\n              <dt class=\"text-lg\">\n                <button type=\"button\" class=\"text-left w-full flex justify-between items-start text-gray-400\" aria-controls=\"faq-0\" aria-expanded=\"false\">\n                  <span class=\"font-medium text-gray-900\">\n                  Kostenlose Begleit- und Fahrdienste\n                  <\/span>\n                  <span class=\"ml-6 h-7 flex items-center\">\n                  <\/span>\n                <\/button>\n              <\/dt>\n              <dd class=\"mt-2 pr-12\" id=\"faq-0\">\n                <p class=\"text-base text-gray-500\">\n                zu \u00c4rzten, Apotheken, zum Einkaufen, Beh\u00f6rdeng\u00e4nge, Gottesdienst- und Friedhofsbesuche.\n                <\/p>\n              <\/dd>\n            <\/div>\n\n            <div class=\"pt-6\">\n              <dt class=\"text-lg\">\n                <button type=\"button\" class=\"text-left w-full flex justify-between items-start text-gray-400\" aria-controls=\"faq-0\" aria-expanded=\"false\">\n                  <span class=\"font-medium text-gray-900\">\n                  Hilfestellungen\n                  <\/span>\n                  <span class=\"ml-6 h-7 flex items-center\">\n                  <\/span>\n                <\/button>\n              <\/dt>\n              <dd class=\"mt-2 pr-12\" id=\"faq-0\">\n                <p class=\"text-base text-gray-500\">\n                bei der Bew\u00e4ltigung pers\u00f6nlicher Probleme, Unterst\u00fctzung der Selbsthilfe bei Aufgaben des t\u00e4glichen Lebens, bei vor\u00fcbergehenden Erkrankungen zu Hause und nach Krankenhausaufenthalten \u2013 erfolgt in Zusammenarbeit mit den \u00f6ffentlichen Diensten.\n                <\/p>\n              <\/dd>\n            <\/div>\n\n            <div class=\"pt-6\">\n              <dt class=\"text-lg\">\n                <button type=\"button\" class=\"text-left w-full flex justify-between items-start text-gray-400\" aria-controls=\"faq-0\" aria-expanded=\"false\">\n                  <span class=\"font-medium text-gray-900\">\n                  Lebenslanges Lernen\n                  <\/span>\n                  <span class=\"ml-6 h-7 flex items-center\">\n                  <\/span>\n                <\/button>\n              <\/dt>\n              <dd class=\"mt-2 pr-12\" id=\"faq-0\">\n                <p class=\"text-base text-gray-500\">\n                Wichtige Weiterbildungsthemen sind: \u201eDigitalisierung bzw. der Umgang mit neuen digitalen Medien\u201c und \u201eLebensqualit\u00e4t im Alter rechtzeitig planen\u201c.\n                <\/p>\n              <\/dd>\n            <\/div>\n\n            <div class=\"pt-6\">\n              <dt class=\"text-lg\">\n                <button type=\"button\" class=\"text-left w-full flex justify-between items-start text-gray-400\" aria-controls=\"faq-0\" aria-expanded=\"false\">\n                  <span class=\"font-medium text-gray-900\">\n                  Verschiedene kostenlose fachspezifische Beratungen\n                  <\/span>\n                  <span class=\"ml-6 h-7 flex items-center\">\n                  <\/span>\n                <\/button>\n              <\/dt>\n              <dd class=\"mt-2 pr-12\" id=\"faq-0\">\n                <p class=\"text-base text-gray-500\">\n                Rechtsberatung, Psychologische Beratung, Beratung und Hilfe beim Erstellen der Patientenverf\u00fcgung, Medizinisch-geriatrische Beratung.\n                <\/p>\n              <\/dd>\n            <\/div>\n          <\/dl>\n        <\/div>\n      <\/div>\n    <\/div>\n\n    <div class=\"bg-fixed h-96 w-full bg-center\" style=\"background-image: url(https:\/\/dze-csv.it\/wp-content\/themes\/uncode-child\/template-parts\/blocks\/segem\/img\/Segem.jpg)\">\n    <\/div>\n\n    <div id=\"mitglied\" class=\"py-16 xl:py-32 px-4 sm:px-6 lg:px-8 bg-white overflow-hidden\">\n      <div class=\"max-w-max lg:max-w-6xl mx-auto\">\n        <div class=\"relative z-10 mb-8 md:mb-2 md:px-6\">\n          <div class=\"text-base max-w-prose lg:max-w-none\">\n            <h2 class=\"leading-6 text-yellow-500 font-semibold tracking-wide uppercase\">Mitmachen<\/h2>\n            <p class=\"mt-2 text-3xl leading-8 font-extrabold tracking-tight text-gray-900 sm:text-4xl\">Wer kann Mitglied werden?<\/p>\n          <\/div>\n        <\/div>\n        <div class=\"relative\">\n          <svg class=\"hidden md:block absolute top-0 right-0 -mt-20 -mr-20\" width=\"404\" height=\"384\" fill=\"none\" viewBox=\"0 0 404 384\" aria-hidden=\"true\">\n            <defs>\n              <pattern id=\"95e8f2de-6d30-4b7e-8159-f791729db21b\" x=\"0\" y=\"0\" width=\"20\" height=\"20\" patternUnits=\"userSpaceOnUse\">\n                <rect x=\"0\" y=\"0\" width=\"4\" height=\"4\" class=\"text-gray-200\" fill=\"currentColor\" \/>\n              <\/pattern>\n            <\/defs>\n            <rect width=\"404\" height=\"384\" fill=\"url(#95e8f2de-6d30-4b7e-8159-f791729db21b)\" \/>\n          <\/svg>\n          <svg class=\"hidden md:block absolute bottom-0 left-0 -mb-20 -ml-20\" width=\"404\" height=\"384\" fill=\"none\" viewBox=\"0 0 404 384\" aria-hidden=\"true\">\n            <defs>\n              <pattern id=\"7a00fe67-0343-4a3c-8e81-c145097a3ce0\" x=\"0\" y=\"0\" width=\"20\" height=\"20\" patternUnits=\"userSpaceOnUse\">\n                <rect x=\"0\" y=\"0\" width=\"4\" height=\"4\" class=\"text-gray-200\" fill=\"currentColor\" \/>\n              <\/pattern>\n            <\/defs>\n            <rect width=\"404\" height=\"384\" fill=\"url(#7a00fe67-0343-4a3c-8e81-c145097a3ce0)\" \/>\n          <\/svg>\n          <div class=\"relative md:bg-white md:p-6\">\n            <div class=\"lg:grid lg:grid-cols-2 lg:gap-6\">\n              <div class=\"prose prose-indigo prose-lg text-gray-500 lg:max-w-none\">\n                <p><b>Alle B\u00fcrgerinnen und B\u00fcrger, die das 18. Lebensjahr vollendet haben<\/b>. Es ist dabei unbedeutend, ob sie im Verein mitarbeiten k\u00f6nnen oder ob Senior*innen oder Menschen mit Beeintr\u00e4chtigungen Unterst\u00fctzungshilfen in Anspruch nehmen wollen.<\/p>\n              <\/div>\n              <div class=\"mt-6 prose prose-indigo prose-lg text-gray-500 lg:mt-0\">\n                <p>Als Vereinsmitglieder zugelassen sind auch <b>ehrenamtliche Organisationen<\/b>, die sich zu den institutionellen Zielen des Vereins bekennen und an der Erreichung dieser Ziele mitwirken wollen.<\/p>\n              <\/div>\n            <\/div>\n            <p class=\"my-8 text-xl leading-8 font-extrabold tracking-tight text-gray-900 sm:text-2xl\">Wie k\u00f6nnen Sie Mitglied werden?<\/p>\n            <div class=\"lg:grid lg:grid-cols-2 lg:gap-6\">\n              <div class=\"prose prose-indigo prose-lg text-gray-500 lg:max-w-none\">\n                <p>Um dem Verein beitreten zu k\u00f6nnen, <br>stellen Sie einen <b>schriftlichen Antrag<\/b> an den Vorstand. <br> Die Adresse lautet:<\/p>\n                <p><b>SeniorInnen-Gemeinschaft Meran<br>\n                A. Kuperionstra\u00dfe, 30<br>\n                39012 Meran<\/b><\/p>\n              <\/div>\n              <div class=\"mt-6 prose prose-indigo prose-lg text-gray-500 lg:mt-0\">\n                <p>Sie k\u00f6nnen sich <b>auch<\/b> einfach <b>telefonisch<\/b> an die SeniorInnen-Gemeinschaft-Meran wenden. <br>Die Telefonnummer lautet: <b>388 7572591<\/b><\/p>\n                <p><b>Der Mitgliedsbeitrag betr\u00e4gt \u20ac 15,00 j\u00e4hrlich.<\/b> Dieser schlie\u00dft bei T\u00e4tigkeiten im Rahmen des Vereins Unfall-, Haftpflicht- und Rechtsschutzversicherung ein.<\/p>\n              <\/div>\n            <\/div>\n            <a href=\"https:\/\/dze-csv.it\/wp-content\/uploads\/2021\/06\/Mitglied_Werden_SEGEM.pdf\" class=\"w-full mt-24 whitespace-nowrap inline-flex items-center justify-center px-4 py-2 border border-transparent rounded-md shadow-sm text-lg font-medium text-white bg-yellow-500 hover:bg-yellow-700\">\n              Hier k\u00f6nnen Sie den Aufnahmeantrag herunterladen\n            <\/a>\n          <\/div>\n        <\/div>\n      <\/div>\n    <\/div>\n\n    <div id=\"statut\" class=\"bg-white pt-16 lg:py-24\">\n      <div class=\"pb-16 bg-yellow-500 lg:pb-0 lg:z-10 lg:relative\">\n        <div class=\"lg:mx-auto lg:max-w-7xl lg:px-8 lg:grid lg:grid-cols-3 lg:gap-8\">\n          <div class=\"relative lg:-my-8\">\n            <div aria-hidden=\"true\" class=\"absolute inset-x-0 top-0 h-1\/2 bg-white lg:hidden\"><\/div>\n            <div class=\"mx-auto max-w-md px-4 sm:max-w-3xl sm:px-6 lg:p-0 lg:h-full\">\n              <div class=\"aspect-w-10 aspect-h-6 rounded-xl shadow-xl overflow-hidden sm:aspect-w-16 sm:aspect-h-7 lg:aspect-none lg:h-full\">\n                <img decoding=\"async\" class=\"object-cover relative z-50 lg:h-full lg:w-full\" src=\"https:\/\/dze-csv.it\/wp-content\/themes\/uncode-child\/template-parts\/blocks\/segem\/img\/SEGEM_logo.png\" alt=\"\">\n              <\/div>\n            <\/div>\n          <\/div>\n          <div class=\"mt-12 lg:m-0 lg:col-span-2 lg:pl-8\">\n            <div class=\"mx-auto max-w-md px-4 sm:max-w-2xl sm:px-6 lg:px-0 lg:py-20 lg:max-w-none\">\n              <blockquote>\n                <div>\n                <h2 class=\"text-3xl font-extrabold tracking-tight text-gray-900 sm:text-4xl\">\n                  <span class=\"block\">Unser Statut<\/span>\n                <\/h2>\n                <p class=\"mt-4 text-lg leading-6 text-gray-900\">Hier k\u00f6nnen Sie unser Statut herunterladen und lesen.<\/p>\n                <\/div>\n                <div class=\"inline-flex rounded-md shadow\">\n                  <a href=\"https:\/\/dze-csv.it\/wp-content\/uploads\/2021\/05\/Statut_Segem.pdf\" target=\"_blank\" class=\"inline-flex items-center justify-center mt-4 px-5 py-3 border border-transparent text-base font-medium rounded-md text-yellow-500 bg-white hover:bg-gray-200\">\n                  Lesen\n                  <\/a>\n                <\/div>\n              <\/blockquote>\n            <\/div>\n          <\/div>\n        <\/div>\n      <\/div>\n    <\/div>\n\n    <div id=\"kontakt\" class=\"max-w-6xl mx-auto pt-12\">\n      <p class=\"text-base font-semibold text-yellow-500 uppercase tracking-wide\">Wir sind f\u00fcr Sie da<\/p>\n      <h2 class=\"text-3xl font-extrabold text-gray-900 sm:text-4xl pb-8\">\n      Kontaktdaten\n      <\/h2>\n    <\/div>\n    <div class=\"mx-auto max-w-md px-4 text-center sm:max-w-3xl sm:px-6 lg:px-8 lg:max-w-7xl\">\n        <div class=\"mt-12\">\n          <div class=\"grid grid-cols-1 gap-8 sm:grid-cols-2 lg:grid-cols-3\">\n            <div class=\"pt-6\">\n              <div class=\"flow-root bg-white shadow-xl rounded-lg px-6 pb-8\">\n                <div class=\"-mt-6\">\n                  <div>\n                    <span class=\"inline-flex items-center justify-center p-3 bg-yellow-500 rounded-md shadow-lg\">\n                    <img decoding=\"async\" class=\"h-6 w-6\" src=\"https:\/\/dze-csv.it\/wp-content\/themes\/uncode-child\/template-parts\/blocks\/segem\/img\/phone_icon_white.svg\" alt=\"\">\n                    <\/span>\n                  <\/div>\n                  <h3 class=\"mt-8 text-lg font-medium text-gray-900 tracking-tight\">Telefon<\/h3>\n                  <p class=\"mt-5 text-base text-gray-500\">\n                  388 7572591\n                  <\/p>\n                <\/div>\n              <\/div>\n            <\/div>\n\n            <div class=\"pt-6\">\n              <div class=\"flow-root bg-white shadow-xl rounded-lg px-6 pb-8\">\n                <div class=\"-mt-6\">\n                  <div>\n                    <span class=\"inline-flex items-center justify-center p-3 bg-yellow-500 rounded-md shadow-lg\">\n                    <img decoding=\"async\" class=\"h-6 w-6\" src=\"https:\/\/dze-csv.it\/wp-content\/themes\/uncode-child\/template-parts\/blocks\/segem\/img\/email_icon_white.svg\" alt=\"\">\n                    <\/span>\n                  <\/div>\n                  <h3 class=\"mt-8 text-lg font-medium text-gray-900 tracking-tight\">E-Mail<\/h3>\n                  <p class=\"mt-5 text-base text-gray-500\">\n                    segem@konmail.net\n                  <\/p>\n                <\/div>\n              <\/div>\n            <\/div>\n\n            <div class=\"pt-6\">\n              <div class=\"flow-root bg-white shadow-xl rounded-lg px-6 pb-8\">\n                <div class=\"-mt-6\">\n                  <div>\n                    <span class=\"inline-flex items-center justify-center p-3 bg-yellow-500 rounded-md shadow-lg\">\n                      <svg class=\"h-6 w-6 text-white\" xmlns=\"http:\/\/www.w3.org\/2000\/svg\" fill=\"none\" viewBox=\"0 0 24 24\" stroke=\"currentColor\" aria-hidden=\"true\">\n                        <path stroke-linecap=\"round\" stroke-linejoin=\"round\" stroke-width=\"2\" d=\"M4 4v5h.582m15.356 2A8.001 8.001 0 004.582 9m0 0H9m11 11v-5h-.581m0 0a8.003 8.003 0 01-15.357-2m15.357 2H15\" \/>\n                      <\/svg>\n                    <\/span>\n                  <\/div>\n                  <h3 class=\"mt-8 text-lg font-medium text-gray-900 tracking-tight\">IBAN<\/h3>\n                  <p class=\"mt-5 text-base text-gray-500\">\n                  IT69U0813358591000301006983\n                  <\/p>\n                <\/div>\n              <\/div>\n            <\/div>\n\n          <\/div>\n        <\/div>\n      <\/div>\n    <div class=\"bg-white\">\n      <div class=\"max-w-6xl mx-auto py-12 px-4 sm:py-12 sm:px-6 lg:px-8 text-center\">\n        <p class=\"mt-6 text-lg text-gray-500\">Wir freuen uns, von Ihnen zu h\u00f6ren. Sie erreichen uns telefonisch zu folgenden Zeiten:<\/p>\n        <p class=\"mt-6 text-lg text-gray-500\"><b>Montag \u2013 Donnerstag von 08:30 &#8211; 12:00 Uhr | Freitag von 14:00 &#8211; 17:30 Uhr<\/b><\/p>\n        <p class=\"mt-6 text-lg text-gray-500\">Im Notfall auch Samstag und Sonntag.<\/p>\n        <p class=\"mt-6 text-lg text-gray-500\">Mit unseren Erfahrungen und Kompetenzen helfen wir Ihnen gern weiter!<\/p>\n        <div class=\"relative\">\n      <\/div>\n    <\/div>\n  <\/div>\n\n<\/main>\n\n<footer class=\"bg-gray-800\" aria-labelledby=\"footerHeading\">\n  <h2 id=\"footerHeading\" class=\"sr-only\">Footer<\/h2>\n  <div class=\"max-w-7xl mx-auto py-12 px-4 sm:px-6 lg:py-16 lg:px-8\">\n    <div class=\"mt-8 border-t border-gray-700 pt-8 md:flex md:items-center md:justify-between\">\n      <div class=\"flex space-x-6 md:order-2\">\n        <a href=\"https:\/\/dze-csv.it\/privacy\/\" target=\"_blank\" class=\"text-gray-400 hover:text-gray-300\">Privacy<\/a>\n      <\/div>\n      <p class=\"mt-8 text-base text-gray-400 md:mt-0 md:order-1\">\n        &copy; SEGEM\n      <\/p>\n      <p class=\"mt-8 text-base text-gray-400 md:mt-0 md:order-1\">\n        Steuernummer: 91067620210\n      <\/p>\n    <\/div>\n  <\/div>\n<\/footer>\n\n<\/div>\n\n\n<script>\n  const config = {\n    type: 'carousel',\n    autoplay: 3000,\n    animationDuration: 800,\n    gap: 10,\n    hoverpause: false,\n    breakpoints: {\n      600: { perView: 1 },\n      1200: { perView: 1 }\n    }\n  }\n  new Glide('.glide', config).mount()\n  new Glide('.glide2', config).mount()\n  new Glide('.glide3', config).mount()\n<\/script>","protected":false},"excerpt":{"rendered":"<p>[acf field=\"adresse\"]<br \/>\nTel.: [acf field=\"telefonnummer\"]<br \/>\nEmail: [acf field=\"email\"]<br \/>\nC.F.: [acf field=\"steuernummer\"]<br \/>\nWeb: [acf field=\"website\"]<\/p>\n","protected":false},"author":3,"featured_media":0,"parent":0,"menu_order":327,"comment_status":"closed","ping_status":"closed","template":"","meta":{"_acf_changed":false,"footnotes":""},"portfolio_category":[134,132,133,137,138],"class_list":["post-98607","portfolio","type-portfolio","status-publish","hentry","portfolio_category-soci-ordinari","portfolio_category-organizzazioni-di-volontariato","portfolio_category-assistenza-sociale-e-sanitaria","portfolio_category-cultura-educazione-e-formazione","portfolio_category-attivita-sportive-ricreative-e-di-tempo-libero"],"acf":[],"_links":{"self":[{"href":"https:\/\/dze-csv.it\/it\/wp-json\/wp\/v2\/portfolio\/98607","targetHints":{"allow":["GET"]}}],"collection":[{"href":"https:\/\/dze-csv.it\/it\/wp-json\/wp\/v2\/portfolio"}],"about":[{"href":"https:\/\/dze-csv.it\/it\/wp-json\/wp\/v2\/types\/portfolio"}],"author":[{"embeddable":true,"href":"https:\/\/dze-csv.it\/it\/wp-json\/wp\/v2\/users\/3"}],"replies":[{"embeddable":true,"href":"https:\/\/dze-csv.it\/it\/wp-json\/wp\/v2\/comments?post=98607"}],"version-history":[{"count":3,"href":"https:\/\/dze-csv.it\/it\/wp-json\/wp\/v2\/portfolio\/98607\/revisions"}],"predecessor-version":[{"id":99030,"href":"https:\/\/dze-csv.it\/it\/wp-json\/wp\/v2\/portfolio\/98607\/revisions\/99030"}],"wp:attachment":[{"href":"https:\/\/dze-csv.it\/it\/wp-json\/wp\/v2\/media?parent=98607"}],"wp:term":[{"taxonomy":"portfolio_category","embeddable":true,"href":"https:\/\/dze-csv.it\/it\/wp-json\/wp\/v2\/portfolio_category?post=98607"}],"curies":[{"name":"wp","href":"https:\/\/api.w.org\/{rel}","templated":true}]}}